{"id":198,"date":"2023-04-16T17:26:32","date_gmt":"2023-04-16T17:26:32","guid":{"rendered":"https:\/\/www.marianaflores.com\/?page_id=198"},"modified":"2025-04-06T18:26:00","modified_gmt":"2025-04-06T18:26:00","slug":"biographie","status":"publish","type":"page","link":"https:\/\/www.marianaflores.com\/en\/biographie\/","title":{"rendered":"Biography"},"content":{"rendered":"<div data-elementor-type=\"wp-page\" data-elementor-id=\"198\" class=\"elementor elementor-198\" data-elementor-post-type=\"page\">\n\t\t\t\t<div class=\"elementor-element elementor-element-ae60862 e-con-full e-flex e-con e-parent\" data-id=\"ae60862\" data-element_type=\"container\" data-e-type=\"container\" data-settings=\"{&quot;background_background&quot;:&quot;classic&quot;}\">\n\t\t\t\t<div class=\"elementor-element elementor-element-43476e3 elementor-widget elementor-widget-spacer\" data-id=\"43476e3\" data-element_type=\"widget\" data-e-type=\"widget\" data-widget_type=\"spacer.default\">\n\t\t\t\t<div class=\"elementor-widget-container\">\n\t\t\t\t\t\t\t<div class=\"elementor-spacer\">\n\t\t\t<div class=\"elementor-spacer-inner\"><\/div>\n\t\t<\/div>\n\t\t\t\t\t\t<\/div>\n\t\t\t\t<\/div>\n\t\t\t\t<\/div>\n\t\t\t\t<section class=\"elementor-section elementor-top-section elementor-element elementor-element-11e31f8 elementor-section-full_width elementor-section-content-middle elementor-section-height-default elementor-section-height-default\" data-id=\"11e31f8\" data-element_type=\"section\" data-e-type=\"section\">\n\t\t\t\t\t\t<div class=\"elementor-container elementor-column-gap-no\">\n\t\t\t\t\t<div class=\"elementor-column elementor-col-50 elementor-top-column elementor-element elementor-element-f9f0615\" data-id=\"f9f0615\" data-element_type=\"column\" data-e-type=\"column\" data-settings=\"{&quot;background_background&quot;:&quot;classic&quot;}\">\n\t\t\t<div class=\"elementor-widget-wrap elementor-element-populated\">\n\t\t\t\t\t\t<div class=\"elementor-element elementor-element-18a8ea2 elementor-widget elementor-widget-heading\" data-id=\"18a8ea2\" data-element_type=\"widget\" data-e-type=\"widget\" data-widget_type=\"heading.default\">\n\t\t\t\t<div class=\"elementor-widget-container\">\n\t\t\t\t\t<h2 class=\"elementor-heading-title elementor-size-default\">Biography<\/h2>\t\t\t\t<\/div>\n\t\t\t\t<\/div>\n\t\t\t\t<section class=\"elementor-section elementor-inner-section elementor-element elementor-element-31c1abe elementor-section-boxed elementor-section-height-default elementor-section-height-default\" data-id=\"31c1abe\" data-element_type=\"section\" data-e-type=\"section\">\n\t\t\t\t\t\t<div class=\"elementor-container elementor-column-gap-default\">\n\t\t\t\t\t<div class=\"elementor-column elementor-col-100 elementor-inner-column elementor-element elementor-element-38fe2b1\" data-id=\"38fe2b1\" data-element_type=\"column\" data-e-type=\"column\">\n\t\t\t<div class=\"elementor-widget-wrap elementor-element-populated\">\n\t\t\t\t\t\t<div class=\"elementor-element elementor-element-06c1062 elementor-widget elementor-widget-text-editor\" data-id=\"06c1062\" data-element_type=\"widget\" data-e-type=\"widget\" data-widget_type=\"text-editor.default\">\n\t\t\t\t<div class=\"elementor-widget-container\">\n\t\t\t\t\t\t\t\t\t<p>Soprano Mariana Flores studied at the National University of Cuyo in Argentina and at the Schola Cantorum Basliliensis. A passionate interpreter of the Baroque repertoire, she has collaborated with artists such as Christina Pluhar, Teodor Currentzis, John Eliot Gardiner and Leonardo Garc\u00eda-Alarc\u00f3n.<\/p><p>She performs on the greatest international stages (Op\u00e9ra de Paris, Grand Th\u00e9\u00e2tre de Gen\u00e8ve, Op\u00e9ra Royal de Versailles, etc.) in major opera productions, as well as in large-scale concerts and recitals. She sings regularly with the ensemble Cappella Mediterranea, with whom she has the opportunity to blend baroque music with traditional Argentine repertoire.<\/p><p>She has made a number of award-winning recordings, including d'India's \u2018Lamenti &amp; Sospiri\u2019 in 2021, Monteverdi's \u2018L'Orfeo\u2019 and in 2022 the release of Scarlatti's <em>La Finta pazza<\/em> before the resumption of a European tour of this opera, in which she triumphed in the title role in 2019. In 2023 <em>Alfonsina<\/em>, a highly personal album of Argentinian folk songs that she recorded with Quito Gato, a repertoire that has been on concert tour ever since.<\/p><p>More recently she has been featured in <em>Amore Siciliano,<\/em> an emblematic programme by Cappella Mediterranea released by Alpha which will continue to be broadcast in 2025, or the Handel's <em>Dixit dominus<\/em> , and the Colonna's <em>Mass in E minor<\/em> on the Ricercar label.<\/p><p>\u00a0<\/p>\t\t\t\t\t\t\t\t<\/div>\n\t\t\t\t<\/div>\n\t\t\t\t\t<\/div>\n\t\t<\/div>\n\t\t\t\t\t<\/div>\n\t\t<\/section>\n\t\t\t\t\t<\/div>\n\t\t<\/div>\n\t\t\t\t<div class=\"elementor-column elementor-col-50 elementor-top-column elementor-element elementor-element-6e61294\" data-id=\"6e61294\" data-element_type=\"column\" data-e-type=\"column\" data-settings=\"{&quot;background_background&quot;:&quot;classic&quot;}\">\n\t\t\t<div class=\"elementor-widget-wrap elementor-element-populated\">\n\t\t\t\t\t\t<div class=\"elementor-element elementor-element-aa803a6 elementor-widget elementor-widget-image\" data-id=\"aa803a6\" data-element_type=\"widget\" data-e-type=\"widget\" data-widget_type=\"image.default\">\n\t\t\t\t<div class=\"elementor-widget-container\">\n\t\t\t\t\t\t\t\t\t\t\t\t<figure class=\"wp-caption\">\n\t\t\t\t\t\t\t\t\t\t<img fetchpriority=\"high\" decoding=\"async\" width=\"700\" height=\"1024\" src=\"https:\/\/www.marianaflores.com\/wp-content\/uploads\/2023\/05\/Stage-Francois-de-Maleissye-Melun.jpg\" class=\"attachment-full size-full wp-image-728\" alt=\"\" srcset=\"https:\/\/www.marianaflores.com\/wp-content\/uploads\/2023\/05\/Stage-Francois-de-Maleissye-Melun.jpg 700w, https:\/\/www.marianaflores.com\/wp-content\/uploads\/2023\/05\/Stage-Francois-de-Maleissye-Melun-205x300.jpg 205w\" sizes=\"(max-width: 700px) 100vw, 700px\" \/>\t\t\t\t\t\t\t\t\t\t\t<figcaption class=\"widget-image-caption wp-caption-text\">\u00a9 Fran\u00e7ois de Maleissye<\/figcaption>\n\t\t\t\t\t\t\t\t\t\t<\/figure>\n\t\t\t\t\t\t\t\t\t<\/div>\n\t\t\t\t<\/div>\n\t\t\t\t\t<\/div>\n\t\t<\/div>\n\t\t\t\t\t<\/div>\n\t\t<\/section>\n\t\t\t\t<section class=\"elementor-section elementor-top-section elementor-element elementor-element-5c82b90 elementor-section-full_width elementor-section-items-top elementor-section-content-middle elementor-section-height-min-height elementor-section-height-default\" data-id=\"5c82b90\" data-element_type=\"section\" data-e-type=\"section\">\n\t\t\t\t\t\t<div class=\"elementor-container elementor-column-gap-no\">\n\t\t\t\t\t<div class=\"elementor-column elementor-col-50 elementor-top-column elementor-element elementor-element-91e9eb1\" data-id=\"91e9eb1\" data-element_type=\"column\" data-e-type=\"column\" data-settings=\"{&quot;background_background&quot;:&quot;classic&quot;}\">\n\t\t\t<div class=\"elementor-widget-wrap elementor-element-populated\">\n\t\t\t\t\t\t<section class=\"elementor-section elementor-inner-section elementor-element elementor-element-0b21452 elementor-section-boxed elementor-section-height-default elementor-section-height-default\" data-id=\"0b21452\" data-element_type=\"section\" data-e-type=\"section\">\n\t\t\t\t\t\t<div class=\"elementor-container elementor-column-gap-default\">\n\t\t\t\t\t<div class=\"elementor-column elementor-col-100 elementor-inner-column elementor-element elementor-element-04c6289\" data-id=\"04c6289\" data-element_type=\"column\" data-e-type=\"column\">\n\t\t\t<div class=\"elementor-widget-wrap elementor-element-populated\">\n\t\t\t\t\t\t<div class=\"elementor-element elementor-element-bcf3068 elementor-hidden-mobile elementor-widget elementor-widget-image\" data-id=\"bcf3068\" data-element_type=\"widget\" data-e-type=\"widget\" data-widget_type=\"image.default\">\n\t\t\t\t<div class=\"elementor-widget-container\">\n\t\t\t\t\t\t\t\t\t\t\t\t\t\t\t<img decoding=\"async\" width=\"800\" height=\"534\" src=\"https:\/\/www.marianaflores.com\/wp-content\/uploads\/2023\/05\/Concert-with-Leonardo-2-1024x683.webp\" class=\"attachment-large size-large wp-image-769\" alt=\"\" srcset=\"https:\/\/www.marianaflores.com\/wp-content\/uploads\/2023\/05\/Concert-with-Leonardo-2-1024x683.webp 1024w, https:\/\/www.marianaflores.com\/wp-content\/uploads\/2023\/05\/Concert-with-Leonardo-2-300x200.webp 300w, https:\/\/www.marianaflores.com\/wp-content\/uploads\/2023\/05\/Concert-with-Leonardo-2-768x512.webp 768w, https:\/\/www.marianaflores.com\/wp-content\/uploads\/2023\/05\/Concert-with-Leonardo-2-1536x1024.webp 1536w, https:\/\/www.marianaflores.com\/wp-content\/uploads\/2023\/05\/Concert-with-Leonardo-2.webp 1920w\" sizes=\"(max-width: 800px) 100vw, 800px\" \/>\t\t\t\t\t\t\t\t\t\t\t\t\t\t\t<\/div>\n\t\t\t\t<\/div>\n\t\t\t\t<div class=\"elementor-element elementor-element-7a36954 elementor-widget elementor-widget-text-editor\" data-id=\"7a36954\" data-element_type=\"widget\" data-e-type=\"widget\" data-widget_type=\"text-editor.default\">\n\t\t\t\t<div class=\"elementor-widget-container\">\n\t\t\t\t\t\t\t\t\t<p>In 2024, Mariana Flores returned to the Festival d'Aix-en-Provence as Amore and Minerva in Monteverdi's <em>Il Ritorno d\u2019Ulisse in Patria<\/em> directed by Pierre Audi, before taking part in <em>Seasons<\/em>, a Fabrice Murgia's audacious creation at the Cit\u00e9 Bleue, combining film, theatre and song, in which she performs both Baroque and contemporary pop music.<\/p><p>In November and December, she sang the Bach's <em>Mass in E minor <\/em>in an international tour of Canada and Brazil, which she will reprise in summer 2025 at the prestigious Verbier Festival.<\/p><p>Mariana Flores' artistic season in 2025 will be rich and very international with the revival of the musical theatre creation <em>Amour \u00e0 Mort<\/em> directed by Jean-Yves Ruf at the Op\u00e9ra national de Lorraine, Monteverdi's <em>L\u2019Incoronazione di Poppea<\/em> in concert in Germany, Canada and New York, Cavalli's\u00a0 <em>Pompeo Magno <\/em>premiered at the Bayreuth Festival and then toured, the Mozart's<em> Requiem<\/em> at the  Radio France Auditorium, and numerous recitals throughout Europe.<\/p><p>Together with lute-player and guitarist M\u00f3nica Pustilnik, she is preparing the recording of \u2019\u00a0<em>Muse e Sirene\u00a0<\/em>\u2018a programme focusing on women composers of the 17th century.<sup>e<\/sup> si\u00e8cle.<\/p>\t\t\t\t\t\t\t\t<\/div>\n\t\t\t\t<\/div>\n\t\t\t\t<div class=\"elementor-element elementor-element-ef3be40 elementor-align-center elementor-widget elementor-widget-button\" data-id=\"ef3be40\" data-element_type=\"widget\" data-e-type=\"widget\" data-widget_type=\"button.default\">\n\t\t\t\t<div class=\"elementor-widget-container\">\n\t\t\t\t\t\t\t\t\t<div class=\"elementor-button-wrapper\">\n\t\t\t\t\t<a class=\"elementor-button elementor-button-link elementor-size-sm elementor-animation-bob\" href=\"https:\/\/www.marianaflores.com\/wp-content\/uploads\/2025\/04\/Press-Kit-04-2025.zip\">\n\t\t\t\t\t\t<span class=\"elementor-button-content-wrapper\">\n\t\t\t\t\t\t\t\t\t<span class=\"elementor-button-text\">Download Press Kit<\/span>\n\t\t\t\t\t<\/span>\n\t\t\t\t\t<\/a>\n\t\t\t\t<\/div>\n\t\t\t\t\t\t\t\t<\/div>\n\t\t\t\t<\/div>\n\t\t\t\t\t<\/div>\n\t\t<\/div>\n\t\t\t\t\t<\/div>\n\t\t<\/section>\n\t\t\t\t\t<\/div>\n\t\t<\/div>\n\t\t\t\t<div class=\"elementor-column elementor-col-50 elementor-top-column elementor-element elementor-element-defbddf\" data-id=\"defbddf\" data-element_type=\"column\" data-e-type=\"column\" data-settings=\"{&quot;background_background&quot;:&quot;classic&quot;}\">\n\t\t\t<div class=\"elementor-widget-wrap elementor-element-populated\">\n\t\t\t\t\t\t<div class=\"elementor-element elementor-element-7d0eca0 elementor-widget elementor-widget-spacer\" data-id=\"7d0eca0\" data-element_type=\"widget\" data-e-type=\"widget\" data-widget_type=\"spacer.default\">\n\t\t\t\t<div class=\"elementor-widget-container\">\n\t\t\t\t\t\t\t<div class=\"elementor-spacer\">\n\t\t\t<div class=\"elementor-spacer-inner\"><\/div>\n\t\t<\/div>\n\t\t\t\t\t\t<\/div>\n\t\t\t\t<\/div>\n\t\t\t\t<div class=\"elementor-element elementor-element-5106195 elementor-widget elementor-widget-image\" data-id=\"5106195\" data-element_type=\"widget\" data-e-type=\"widget\" data-widget_type=\"image.default\">\n\t\t\t\t<div class=\"elementor-widget-container\">\n\t\t\t\t\t\t\t\t\t\t\t\t<figure class=\"wp-caption\">\n\t\t\t\t\t\t\t\t\t\t<img decoding=\"async\" width=\"1703\" height=\"2560\" src=\"https:\/\/www.marianaflores.com\/wp-content\/uploads\/2023\/05\/Mariana-Flores-portrait-blue-scaled.webp\" class=\"attachment-full size-full wp-image-765\" alt=\"\" srcset=\"https:\/\/www.marianaflores.com\/wp-content\/uploads\/2023\/05\/Mariana-Flores-portrait-blue-scaled.webp 1703w, https:\/\/www.marianaflores.com\/wp-content\/uploads\/2023\/05\/Mariana-Flores-portrait-blue-200x300.webp 200w, https:\/\/www.marianaflores.com\/wp-content\/uploads\/2023\/05\/Mariana-Flores-portrait-blue-681x1024.webp 681w, https:\/\/www.marianaflores.com\/wp-content\/uploads\/2023\/05\/Mariana-Flores-portrait-blue-768x1154.webp 768w, https:\/\/www.marianaflores.com\/wp-content\/uploads\/2023\/05\/Mariana-Flores-portrait-blue-1022x1536.webp 1022w, https:\/\/www.marianaflores.com\/wp-content\/uploads\/2023\/05\/Mariana-Flores-portrait-blue-1362x2048.webp 1362w\" sizes=\"(max-width: 1703px) 100vw, 1703px\" \/>\t\t\t\t\t\t\t\t\t\t\t<figcaption class=\"widget-image-caption wp-caption-text\">\u00a9 Fran\u00e7ois de Maleissye<\/figcaption>\n\t\t\t\t\t\t\t\t\t\t<\/figure>\n\t\t\t\t\t\t\t\t\t<\/div>\n\t\t\t\t<\/div>\n\t\t\t\t\t<\/div>\n\t\t<\/div>\n\t\t\t\t\t<\/div>\n\t\t<\/section>\n\t\t\t\t<\/div>","protected":false},"excerpt":{"rendered":"<p>Biographie La soprano Mariana Flores a \u00e9tudi\u00e9 \u00e0 l&rsquo;Universit\u00e9 nationale de Cuyo en Argentine et \u00e0 la Schola Cantorum Basliliensis. Interpr\u00e8te passionn\u00e9e du r\u00e9pertoire baroque, elle collabore avec des artistes tels que Christina Pluhar, Teodor Currentzis, John Eliot Gardiner ou Leonardo Garc\u00eda-Alarc\u00f3n. Elle se produit sur les plus grandes sc\u00e8nes internationales\u00a0(Op\u00e9ra de Paris, Grand Th\u00e9\u00e2tre [&hellip;]<\/p>\n","protected":false},"author":1,"featured_media":0,"parent":0,"menu_order":0,"comment_status":"closed","ping_status":"closed","template":"","meta":{"_acf_changed":false,"footnotes":""},"class_list":["post-198","page","type-page","status-publish","hentry"],"acf":[],"_links":{"self":[{"href":"https:\/\/www.marianaflores.com\/en\/wp-json\/wp\/v2\/pages\/198","targetHints":{"allow":["GET"]}}],"collection":[{"href":"https:\/\/www.marianaflores.com\/en\/wp-json\/wp\/v2\/pages"}],"about":[{"href":"https:\/\/www.marianaflores.com\/en\/wp-json\/wp\/v2\/types\/page"}],"author":[{"embeddable":true,"href":"https:\/\/www.marianaflores.com\/en\/wp-json\/wp\/v2\/users\/1"}],"replies":[{"embeddable":true,"href":"https:\/\/www.marianaflores.com\/en\/wp-json\/wp\/v2\/comments?post=198"}],"version-history":[{"count":106,"href":"https:\/\/www.marianaflores.com\/en\/wp-json\/wp\/v2\/pages\/198\/revisions"}],"predecessor-version":[{"id":2535,"href":"https:\/\/www.marianaflores.com\/en\/wp-json\/wp\/v2\/pages\/198\/revisions\/2535"}],"wp:attachment":[{"href":"https:\/\/www.marianaflores.com\/en\/wp-json\/wp\/v2\/media?parent=198"}],"curies":[{"name":"wp","href":"https:\/\/api.w.org\/{rel}","templated":true}]}}